{"version":"1.0","provider_name":"","provider_url":"https:\/\/bergerinterior.cafeblog.hu","author_name":"Gergely Anna","author_url":"https:\/\/bergerinterior.cafeblog.hu\/author\/gergely_anna\/","title":"Dolgoz\u00f3sarok - avagy mib\u0151l lett a cserebog\u00e1r","html":"<div style=\"clear: both;text-align: center\"><\/div><br \/><div style=\"clear: both;text-align: center\"><\/div><br \/><br \/><div style=\"clear: both;text-align: center\"><\/div><div style=\"clear: both;text-align: center\"><a href=\"https:\/\/bergerinterior.cafeblog.hu\/files\/2016\/04\/N-25C3-25A9vtelen.jpg\" style=\"margin-left: 1em;margin-right: 1em\"><img border=\"0\" height=\"640\" src=\"https:\/\/bergerinterior.cafeblog.hu\/files\/2016\/04\/N-25C3-25A9vtelen-297x300.jpg\" width=\"634\" \/><\/a><\/div><div style=\"clear: both;text-align: left\"><br \/><\/div><div style=\"clear: both;text-align: left\">A h\u00e1l\u00f3szob\u00e1m egyik sarka \"dolgoz\u00f3\"sarok. Ide\u00e1lis helyzetben ez nem a h\u00e1l\u00f3ban lenne, de sajnos nincs m\u00e1shol hely r\u00e1, \u00edgy megpr\u00f3b\u00e1ltam min\u00e9l csinosabb\u00e1 var\u00e1zsolni.&nbsp;<\/div><div style=\"clear: both;text-align: left\">N\u00e9zz\u00e9tek meg, hogy alakult ki a jelenlegi \u00e1llapot ebb\u0151l a nem t\u00fal r\u00f3zs\u00e1s kezdetb\u0151l: <\/div><div style=\"clear: both;text-align: left\"><br \/><\/div><div style=\"clear: both;text-align: left\"><\/div><div style=\"clear: both;text-align: left\"><\/div><div style=\"clear: both;text-align: left\"><\/div><div style=\"clear: both;text-align: left\"><\/div><div style=\"clear: both;text-align: left\"><\/div><div style=\"clear: both;text-align: center\"><a href=\"https:\/\/bergerinterior.cafeblog.hu\/files\/2016\/04\/14.10.07-2BHV-2BGannalak-2B016.jpg\" style=\"margin-left: 1em;margin-right: 1em\"><img border=\"0\" height=\"450\" src=\"https:\/\/bergerinterior.cafeblog.hu\/files\/2016\/04\/14.10.07-2BHV-2BGannalak-2B016-300x211.jpg\" width=\"640\" \/><\/a><\/div><br \/><div style=\"clear: both;text-align: center\"><a href=\"https:\/\/bergerinterior.cafeblog.hu\/files\/2016\/04\/14.10.07-2BHV-2BGannalak-2B157.jpg\" style=\"margin-left: 1em;margin-right: 1em\"><img border=\"0\" height=\"640\" src=\"https:\/\/bergerinterior.cafeblog.hu\/files\/2016\/04\/14.10.07-2BHV-2BGannalak-2B157-200x300.jpg\" width=\"426\" \/><\/a><\/div><br \/><div style=\"clear: both;text-align: center\"><a href=\"https:\/\/bergerinterior.cafeblog.hu\/files\/2016\/04\/WP_20150711_12_05_45_Pro.jpg\" style=\"margin-left: 1em;margin-right: 1em\"><img border=\"0\" height=\"640\" src=\"https:\/\/bergerinterior.cafeblog.hu\/files\/2016\/04\/WP_20150711_12_05_45_Pro-169x300.jpg\" width=\"360\" \/><\/a><\/div><div style=\"clear: both;text-align: left\"><br \/><\/div><div style=\"clear: both;text-align: left\">Mikor bek\u00f6lt\u00f6ztem, otthonr\u00f3l hoztam az asztalt \u00e9s a forg\u00f3sz\u00e9ket, mindkett\u0151 Ike\u00e1s. Az asztal m\u00e1r kopott volt, \u00edgy feh\u00e9r \u00f6ntapad\u00f3s f\u00f3li\u00e1val vontam be, ami el\u00e9g j\u00f3 ideiglenes megold\u00e1s, \u00e9s nagyon olcs\u00f3 is. A l\u00e1bakat egy ponton lecser\u00e9ltem mcm jelleg\u0171 l\u00e1bakra, a kor\u00e1bbiakat pedig eladtam. A l\u00e1mp\u00e1t, \u00e9s egy lomizott feny\u0151 ev\u0151eszk\u00f6ztart\u00f3t \u00e1tf\u00fajtam v\u00f6r\u00f6sr\u00e9zre sprayfest\u00e9kkel. A sz\u00e9ket 18. sz\u00fclet\u00e9snapomra kaptam, \u00e9s nagyon szerettem... am\u00edg nem \u00fcld\u00f6g\u00e9ltem benne hosszabb ideig. Rettent\u0151en k\u00e9nyelmetlen, b\u00e1rmilyen sz\u00e9p is! \u00cdgy mikor lomiztam egy sz\u00e9p form\u00e1j\u00fa retr\u00f3 sz\u00e9ket, elhat\u00e1roztam, hogy ez lesz az ut\u00f3d.&nbsp;<\/div><div style=\"clear: both;text-align: left\"><br \/><\/div><div style=\"clear: both;text-align: center\"><a href=\"https:\/\/bergerinterior.cafeblog.hu\/files\/2016\/04\/WP_001792.jpg\" style=\"margin-left: 1em;margin-right: 1em\"><img border=\"0\" height=\"640\" src=\"https:\/\/bergerinterior.cafeblog.hu\/files\/2016\/04\/WP_001792-225x300.jpg\" width=\"478\" \/><\/a><\/div><div style=\"clear: both;text-align: left\"><br \/><\/div><div style=\"clear: both;text-align: left\">Ez a sz\u00e9k sokkal k\u00e9nyelmesebb, \u00e9s nem csak \u00e9n, hanem a macska is szereti :D&nbsp;&nbsp;<\/div><div style=\"clear: both;text-align: left\"><br \/><\/div><div style=\"clear: both;text-align: center\"><a href=\"https:\/\/bergerinterior.cafeblog.hu\/files\/2016\/04\/IMG_2406.jpg\" style=\"margin-left: 1em;margin-right: 1em\"><img border=\"0\" height=\"426\" src=\"https:\/\/bergerinterior.cafeblog.hu\/files\/2016\/04\/IMG_2406-300x200.jpg\" width=\"640\" \/><\/a><\/div><div style=\"clear: both;text-align: left\"><br \/><\/div><div style=\"clear: both;text-align: left\">A polcon szint\u00e9n Ike\u00e1s Lack polcokb\u00f3l alak\u00edtottam ki polcrendszert. Mivel a lak\u00e1s nagyon magas, ez\u00e9rt a fels\u0151 h\u00e1rom polc ink\u00e1bb eszt\u00e9tikai funkci\u00f3t t\u00f6lt be, mint funkcion\u00e1lisat. A funkci\u00f3t az Alex fi\u00f3kos szekr\u00e9nyke k\u00e9pviseli, amibe rengeteg minden el lehet s\u00fcllyeszteni.&nbsp;<\/div><div style=\"clear: both;text-align: left\"><br \/><\/div><div style=\"clear: both;text-align: left\">A falra a polcok al\u00e1 k\u00e9sz\u00edtettem egy kis fali\u00fajs\u00e1got. Az \u00e1gy h\u00e1tt\u00e1ml\u00e1j\u00e1nak k\u00e9sz\u00edt\u00e9sekor v\u00e1gattam p\u00e1r helytelen m\u00e9ret\u0171 darabot OSB-b\u0151l, ami akkor ideges\u00edtett, de hamar kider\u00fclt, hogy fel tudom \u0151ket haszn\u00e1lni m\u00e1sra. Pont annyi darab maradt, hogy el tudtam k\u00e9sz\u00edteni a fali\u00fajs\u00e1got \u00fagy, hogy az OSB-ket felf\u00fartam a falra, majd parafatekercsb\u0151l (szint\u00e9n lomizott, vadi\u00faj) m\u00e9retre v\u00e1gott dupla r\u00e9teg parafalapot r\u00f6gz\u00edtettem hozz\u00e1 k\u00e9zi kapocsbel\u00f6v\u0151vel.&nbsp;<\/div><div style=\"clear: both;text-align: left\"><br \/><\/div><div style=\"clear: both;text-align: left\">Az igazs\u00e1ghoz hozz\u00e1tartozik, hogy nagyobb kupi szokott az asztalon lenni, de fot\u00f3z\u00e1s el\u0151tt csak elpakol az ember, nem? <\/div>Nektek hogy tetszik?<br \/><div style=\"clear: both;text-align: center\"><br \/><\/div><div style=\"clear: both;text-align: center\"><a href=\"https:\/\/bergerinterior.cafeblog.hu\/files\/2016\/04\/IMG_6749.jpg\" style=\"margin-left: 1em;margin-right: 1em\"><img border=\"0\" height=\"640\" src=\"https:\/\/bergerinterior.cafeblog.hu\/files\/2016\/04\/IMG_6749-200x300.jpg\" width=\"426\" \/><\/a><\/div><div style=\"clear: both;text-align: center\"><br \/><\/div><br \/><br \/><div style=\"clear: both;text-align: center\"><a href=\"https:\/\/bergerinterior.cafeblog.hu\/files\/2016\/04\/IMG_6760.jpg\" style=\"margin-left: 1em;margin-right: 1em\"><img border=\"0\" height=\"640\" src=\"https:\/\/bergerinterior.cafeblog.hu\/files\/2016\/04\/IMG_6760-200x300.jpg\" width=\"426\" \/><\/a><\/div><br \/><div style=\"clear: both;text-align: center\"><a href=\"https:\/\/bergerinterior.cafeblog.hu\/files\/2016\/04\/IMG_6765.jpg\" style=\"margin-left: 1em;margin-right: 1em\"><img border=\"0\" height=\"640\" src=\"https:\/\/bergerinterior.cafeblog.hu\/files\/2016\/04\/IMG_6765-200x300.jpg\" width=\"426\" \/><\/a><\/div><br \/><div style=\"clear: both;text-align: center\"><a href=\"https:\/\/bergerinterior.cafeblog.hu\/files\/2016\/04\/IMG_6776.jpg\" style=\"margin-left: 1em;margin-right: 1em\"><img border=\"0\" height=\"640\" src=\"https:\/\/bergerinterior.cafeblog.hu\/files\/2016\/04\/IMG_6776-200x300.jpg\" width=\"426\" \/><\/a><\/div><br \/><div style=\"clear: both;text-align: center\"><a href=\"https:\/\/bergerinterior.cafeblog.hu\/files\/2016\/04\/IMG_6780.jpg\" style=\"margin-left: 1em;margin-right: 1em\"><img border=\"0\" height=\"640\" src=\"https:\/\/bergerinterior.cafeblog.hu\/files\/2016\/04\/IMG_6780-192x300.jpg\" width=\"408\" \/><\/a><\/div><br \/><div style=\"clear: both;text-align: center\"><a href=\"https:\/\/bergerinterior.cafeblog.hu\/files\/2016\/04\/IMG_6781.jpg\" style=\"margin-left: 1em;margin-right: 1em\"><img border=\"0\" height=\"640\" src=\"https:\/\/bergerinterior.cafeblog.hu\/files\/2016\/04\/IMG_6781-200x300.jpg\" width=\"426\" \/><\/a><\/div><br \/><div style=\"clear: both;text-align: center\"><a href=\"https:\/\/bergerinterior.cafeblog.hu\/files\/2016\/04\/IMG_6784.jpg\" style=\"margin-left: 1em;margin-right: 1em\"><img border=\"0\" height=\"640\" src=\"https:\/\/bergerinterior.cafeblog.hu\/files\/2016\/04\/IMG_6784-200x300.jpg\" width=\"426\" \/><\/a><\/div><br \/><div style=\"clear: both;text-align: center\"><a href=\"https:\/\/bergerinterior.cafeblog.hu\/files\/2016\/04\/IMG_6785.jpg\" style=\"margin-left: 1em;margin-right: 1em\"><img border=\"0\" height=\"640\" src=\"https:\/\/bergerinterior.cafeblog.hu\/files\/2016\/04\/IMG_6785-200x300.jpg\" width=\"426\" \/><\/a><\/div><br \/><div style=\"clear: both;text-align: center\"><a href=\"https:\/\/bergerinterior.cafeblog.hu\/files\/2016\/04\/IMG_6786.jpg\" style=\"margin-left: 1em;margin-right: 1em\"><img border=\"0\" height=\"640\" src=\"https:\/\/bergerinterior.cafeblog.hu\/files\/2016\/04\/IMG_6786-200x300.jpg\" width=\"426\" \/><\/a><\/div><br \/><div style=\"clear: both;text-align: center\"><a href=\"https:\/\/bergerinterior.cafeblog.hu\/files\/2016\/04\/IMG_6788.jpg\" style=\"margin-left: 1em;margin-right: 1em\"><img border=\"0\" height=\"640\" src=\"https:\/\/bergerinterior.cafeblog.hu\/files\/2016\/04\/IMG_6788-200x300.jpg\" width=\"426\" \/><\/a><\/div><br \/>","type":"rich","thumbnail_url":"https:\/\/bergerinterior.cafeblog.hu\/files\/2016\/04\/N-25C3-25A9vtelen-150x150.jpg","thumbnail_width":150,"thumbnail_height":150}