{"version":"1.0","provider_name":"","provider_url":"https:\/\/bergerinterior.cafeblog.hu","author_name":"Gergely Anna","author_url":"https:\/\/bergerinterior.cafeblog.hu\/author\/gergely_anna\/","title":"Megk\u00e9sve b\u00e1r, de... adventi koszor\u00fa","html":"<p>Nagy nehezen vas\u00e1rnap este 11-kor siker\u00fclt \u00f6sszeraknom az adventi koszor\u00fat :D Nem lett \u00e9letem legkorszakalkot\u00f3bb m\u0171ve, de \u0151szint\u00e9n sz\u00f3lva \u00e9n kar\u00e1csonykor nem szeretek annyira virtu\u00f3zkodni a saj\u00e1t otthonomban: ink\u00e1bb ragaszkodok a klasszikus, j\u00f3l bev\u00e1lt receptekhez :)<\/p>\r\n<p>M\u00e9g hi\u00e1nyzik az adventi napt\u00e1r \u00e9s egy csom\u00f3 apr\u00f3s\u00e1g, hogy igaz\u00e1n kar\u00e1csonyi hangulat legyen, de szerintem ez m\u00e1r egy j\u00f3 kezdet :)<\/p>\r\n<p><a href=\"https:\/\/bergerinterior.cafeblog.hu\/files\/2016\/11\/1.jpg\"><img class=\"aligncenter size-large wp-image-717\" src=\"https:\/\/bergerinterior.cafeblog.hu\/files\/2016\/11\/1-411x600.jpg\" alt=\"adventi koszor\u00fa 1\" width=\"411\" height=\"600\" \/><\/a><\/p>\r\n<p><a href=\"https:\/\/bergerinterior.cafeblog.hu\/files\/2016\/11\/2.jpg\"><img class=\"aligncenter size-large wp-image-718\" src=\"https:\/\/bergerinterior.cafeblog.hu\/files\/2016\/11\/2-397x600.jpg\" alt=\"adventi koszor\u00fa 2\" width=\"397\" height=\"600\" \/><\/a><\/p>\r\n<p><a href=\"https:\/\/bergerinterior.cafeblog.hu\/files\/2016\/11\/3.jpg\"><img class=\"aligncenter size-large wp-image-719\" src=\"https:\/\/bergerinterior.cafeblog.hu\/files\/2016\/11\/3-400x600.jpg\" alt=\"adventi koszor\u00fa 3\" width=\"400\" height=\"600\" \/><\/a><\/p>\r\n<p><a href=\"https:\/\/bergerinterior.cafeblog.hu\/files\/2016\/11\/4.jpg\"><img class=\"aligncenter size-large wp-image-720\" src=\"https:\/\/bergerinterior.cafeblog.hu\/files\/2016\/11\/4-400x600.jpg\" alt=\"mikul\u00e1svir\u00e1g 4\" width=\"400\" height=\"600\" \/><\/a><\/p>\r\n<p><a href=\"https:\/\/bergerinterior.cafeblog.hu\/files\/2016\/11\/5.jpg\"><img class=\"aligncenter size-large wp-image-721\" src=\"https:\/\/bergerinterior.cafeblog.hu\/files\/2016\/11\/5-408x600.jpg\" alt=\"adventi koszor\u00fa 5\" width=\"408\" height=\"600\" \/><\/a><\/p>\r\n<p><a href=\"https:\/\/bergerinterior.cafeblog.hu\/files\/2016\/11\/6.jpg\"><img class=\"aligncenter size-large wp-image-722\" src=\"https:\/\/bergerinterior.cafeblog.hu\/files\/2016\/11\/6-400x600.jpg\" alt=\"adventi koszor\u00fa 6\" width=\"400\" height=\"600\" \/><\/a><\/p>\r\n<p>Neked hogy tetszik? Ha nem akarsz lemaradni az \u00fajdons\u00e1gokr\u00f3l \u00e9s inspir\u00e1ci\u00f3kr\u00f3l, k\u00f6vesd a blog Facebook oldal\u00e1t <a href=\"https:\/\/www.facebook.com\/bergerporta\/\">ITT<\/a><\/p>","type":"rich","thumbnail_url":"https:\/\/bergerinterior.cafeblog.hu\/files\/2016\/11\/6-150x150.jpg","thumbnail_width":150,"thumbnail_height":150}