{"version":"1.0","provider_name":"","provider_url":"https:\/\/bergerinterior.cafeblog.hu","author_name":"Gergely Anna","author_url":"https:\/\/bergerinterior.cafeblog.hu\/author\/gergely_anna\/","title":"\u0150szi dekor","html":"<p>Tegnap \u00fcnnepelt\u00fck nagypap\u00e1m nyolcvanadik sz\u00fclet\u00e9snapj\u00e1t egy nagyon finom csal\u00e1di eb\u00e9ddel. Ut\u00e1na elment\u00fcnk any\u00e1val s\u00e9t\u00e1lni, \u00e9s szedt\u00fcnk p\u00e1r cipkebogy\u00f3t \u00e9s egy\u00e9b gazt, amivel kicsit kidekor\u00e1ltam az eb\u00e9dl\u0151t. A dekor\u00e1ci\u00f3 ehet\u0151 r\u00e9sze a ny\u00edrs\u00e9gi, elk\u00e9peszt\u0151en finom jonat\u00e1n alma nagymam\u00e1m\u00e9k kertj\u00e9b\u0151l.<\/p>\r\n<p>Im\u00e1dom, amikor s\u00f6t\u00e9t felh\u0151k vanak az \u00e9gen, de k\u00f6zben s\u00fct a nap, \u00e9s nagyon \u00e9lesek az \u00e1rny\u00e9kok, mint amilyen tegnap d\u00e9lut\u00e1n volt: <a href=\"https:\/\/bergerinterior.cafeblog.hu\/files\/2018\/09\/eb\u00e9dl\u0151-\u0151sz-10.jpg\"><img class=\"aligncenter size-large wp-image-1526\" src=\"https:\/\/bergerinterior.cafeblog.hu\/files\/2018\/09\/eb\u00e9dl\u0151-\u0151sz-10-600x400.jpg\" alt=\"\" width=\"600\" height=\"400\" \/><\/a><\/p>\r\n<p><a href=\"https:\/\/bergerinterior.cafeblog.hu\/files\/2018\/09\/eb\u00e9dl\u0151-\u0151sz-11.jpg\"><img class=\"aligncenter size-large wp-image-1527\" src=\"https:\/\/bergerinterior.cafeblog.hu\/files\/2018\/09\/eb\u00e9dl\u0151-\u0151sz-11-600x400.jpg\" alt=\"\" width=\"600\" height=\"400\" \/><\/a><\/p>\r\n<p>\u00c9s ilyen lett a gazos\u00edt\u00e1s:<a href=\"https:\/\/bergerinterior.cafeblog.hu\/files\/2018\/09\/eb\u00e9dl\u0151-\u0151sz-1.jpg\"><img class=\"aligncenter size-large wp-image-1517\" src=\"https:\/\/bergerinterior.cafeblog.hu\/files\/2018\/09\/eb\u00e9dl\u0151-\u0151sz-1-397x600.jpg\" alt=\"\" width=\"397\" height=\"600\" \/><\/a><\/p>\r\n<p><a href=\"https:\/\/bergerinterior.cafeblog.hu\/files\/2018\/09\/eb\u00e9dl\u0151-\u0151sz-2.jpg\"><img class=\"aligncenter size-large wp-image-1518\" src=\"https:\/\/bergerinterior.cafeblog.hu\/files\/2018\/09\/eb\u00e9dl\u0151-\u0151sz-2-400x600.jpg\" alt=\"\" width=\"400\" height=\"600\" \/><\/a><\/p>\r\n<p><a href=\"https:\/\/bergerinterior.cafeblog.hu\/files\/2018\/09\/eb\u00e9dl\u0151-\u0151sz-3.jpg\"><img class=\"aligncenter size-large wp-image-1519\" src=\"https:\/\/bergerinterior.cafeblog.hu\/files\/2018\/09\/eb\u00e9dl\u0151-\u0151sz-3-600x410.jpg\" alt=\"\" width=\"600\" height=\"410\" \/><\/a><\/p>\r\n<p><a href=\"https:\/\/bergerinterior.cafeblog.hu\/files\/2018\/09\/eb\u00e9dl\u0151-\u0151sz-4.jpg\"><img class=\"aligncenter size-large wp-image-1520\" src=\"https:\/\/bergerinterior.cafeblog.hu\/files\/2018\/09\/eb\u00e9dl\u0151-\u0151sz-4-401x600.jpg\" alt=\"\" width=\"401\" height=\"600\" \/><\/a><\/p>\r\n<p><a href=\"https:\/\/bergerinterior.cafeblog.hu\/files\/2018\/09\/eb\u00e9dl\u0151-\u0151sz-5.jpg\"><img class=\"aligncenter size-large wp-image-1521\" src=\"https:\/\/bergerinterior.cafeblog.hu\/files\/2018\/09\/eb\u00e9dl\u0151-\u0151sz-5-400x600.jpg\" alt=\"\" width=\"400\" height=\"600\" \/><\/a><\/p>\r\n<p><a href=\"https:\/\/bergerinterior.cafeblog.hu\/files\/2018\/09\/eb\u00e9dl\u0151-\u0151sz-6.jpg\"><img class=\"aligncenter size-large wp-image-1522\" src=\"https:\/\/bergerinterior.cafeblog.hu\/files\/2018\/09\/eb\u00e9dl\u0151-\u0151sz-6-600x400.jpg\" alt=\"\" width=\"600\" height=\"400\" \/><\/a><\/p>\r\n<p><a href=\"https:\/\/bergerinterior.cafeblog.hu\/files\/2018\/09\/eb\u00e9dl\u0151-\u0151sz-7.jpg\"><img class=\"aligncenter size-large wp-image-1523\" src=\"https:\/\/bergerinterior.cafeblog.hu\/files\/2018\/09\/eb\u00e9dl\u0151-\u0151sz-7-400x600.jpg\" alt=\"\" width=\"400\" height=\"600\" \/><\/a><\/p>\r\n<p><a href=\"https:\/\/bergerinterior.cafeblog.hu\/files\/2018\/09\/eb\u00e9dl\u0151-\u0151sz-8.jpg\"><img class=\"aligncenter size-large wp-image-1524\" src=\"https:\/\/bergerinterior.cafeblog.hu\/files\/2018\/09\/eb\u00e9dl\u0151-\u0151sz-8-400x600.jpg\" alt=\"\" width=\"400\" height=\"600\" \/><\/a><\/p>\r\n<p><a href=\"https:\/\/bergerinterior.cafeblog.hu\/files\/2018\/09\/eb\u00e9dl\u0151-\u0151sz-9.jpg\"><img class=\"aligncenter size-large wp-image-1525\" src=\"https:\/\/bergerinterior.cafeblog.hu\/files\/2018\/09\/eb\u00e9dl\u0151-\u0151sz-9-600x400.jpg\" alt=\"\" width=\"600\" height=\"400\" \/><\/a><\/p>\r\n<p>K\u00f6vess\u00e9tek a blog <a href=\"https:\/\/www.facebook.com\/bergerporta\/\">Facebook oldal\u00e1t<\/a> is, hogy ne maradjatok le a napok \u00f3ta \u00edg\u00e9rgetett, sz\u00fclet\u0151ben l\u00e9v\u0151 h\u00e1l\u00f3szoba-poszt\u00f3l! :D<\/p>","type":"rich","thumbnail_url":"https:\/\/bergerinterior.cafeblog.hu\/files\/2018\/09\/eb\u00e9dl\u0151-\u0151sz-6-150x150.jpg","thumbnail_width":150,"thumbnail_height":150}